{"id":64,"date":"2023-01-04T12:38:03","date_gmt":"2023-01-04T12:38:03","guid":{"rendered":"https:\/\/elisabetcarrera.com\/?page_id=64"},"modified":"2023-01-04T12:54:03","modified_gmt":"2023-01-04T12:54:03","slug":"organos-judiciales","status":"publish","type":"page","link":"https:\/\/elisabetcarrera.com\/index.php\/organos-judiciales\/","title":{"rendered":"\u00d3rganos judiciales"},"content":{"rendered":"<div id='full_slider_1'  class='avia-fullwidth-slider main_color avia-shadow   avia-builder-el-0  el_before_av_heading  avia-builder-el-first   container_wrap sidebar_right'  ><div  class='avia-slideshow av-lchmfmhf-2ac20ba0fb76a59fe20a377a0b5ea8ff avia-slideshow-featured av_slideshow_full avia-slide-slider av-slideshow-ui av-control-default av-slideshow-manual av-loop-once av-loop-manual-endless av-default-height-applied   avia-slideshow-1' data-slideshow-options=\"{&quot;animation&quot;:&quot;slide&quot;,&quot;autoplay&quot;:false,&quot;loop_autoplay&quot;:&quot;once&quot;,&quot;interval&quot;:5,&quot;loop_manual&quot;:&quot;manual-endless&quot;,&quot;autoplay_stopper&quot;:false,&quot;noNavigation&quot;:false,&quot;bg_slider&quot;:false,&quot;keep_padding&quot;:false,&quot;hoverpause&quot;:false,&quot;show_slide_delay&quot;:0}\"  itemprop=\"image\" itemscope=\"itemscope\" itemtype=\"https:\/\/schema.org\/ImageObject\" ><ul class='avia-slideshow-inner ' style='padding-bottom: 28.666666666667%;'><li  class='avia-slideshow-slide av-lchmfmhf-2ac20ba0fb76a59fe20a377a0b5ea8ff__0  av-single-slide slide-1 slide-odd'><div data-rel='slideshow-1' class='avia-slide-wrap '   ><div class='av-slideshow-caption av-lchmfmhf-2ac20ba0fb76a59fe20a377a0b5ea8ff__0 caption_fullwidth caption_left caption_left_framed caption_framed'><div class=\"container caption_container\"><div class=\"slideshow_caption\"><div class=\"slideshow_inner_caption\"><div class=\"slideshow_align_caption\"><h2 class='avia-caption-title '  itemprop=\"name\" >PARTIDOS JUDICIALES<\/h2><\/div><\/div><\/div><\/div><\/div><img decoding=\"async\" class=\"wp-image-54 avia-img-lazy-loading-not-54\"  src=\"https:\/\/elisabetcarrera.com\/wp-content\/uploads\/2023\/01\/ORGANOS-JUDICIALES-1500x430.jpg\" width=\"1500\" height=\"430\" title='Justice,And,Law,Concept.,Lawyer,Businessman,Holding,Law,Innovation,Network' alt=''  itemprop=\"thumbnailUrl\"   \/><\/div><\/li><\/ul><\/div><\/div><div id='after_full_slider_1'  class='main_color av_default_container_wrap container_wrap sidebar_right'  ><div class='container av-section-cont-open' ><div class='template-page content  av-content-small alpha units'><div class='post-entry post-entry-type-page post-entry-64'><div class='entry-content-wrapper clearfix'>\n\n<style type=\"text\/css\" data-created_by=\"avia_inline_auto\" id=\"style-css-av-lchnjj7e-6d40ea1e5fb65cc3487a8b46207bfc9b\">\n#top .av-special-heading.av-lchnjj7e-6d40ea1e5fb65cc3487a8b46207bfc9b{\npadding-bottom:10px;\n}\nbody .av-special-heading.av-lchnjj7e-6d40ea1e5fb65cc3487a8b46207bfc9b .av-special-heading-tag .heading-char{\nfont-size:25px;\n}\n.av-special-heading.av-lchnjj7e-6d40ea1e5fb65cc3487a8b46207bfc9b .av-subheading{\nfont-size:15px;\n}\n<\/style>\n<div  class='av-special-heading av-lchnjj7e-6d40ea1e5fb65cc3487a8b46207bfc9b av-special-heading-h2 blockquote modern-quote modern-centered  avia-builder-el-1  el_after_av_slideshow_full  el_before_av_textblock  avia-builder-el-first '><h2 class='av-special-heading-tag'  itemprop=\"headline\"  >TARRAGONA<\/h2><div class=\"special-heading-border\"><div class=\"special-heading-inner-border\"><\/div><\/div><\/div>\n<section  class='av_textblock_section av-lchnfs81-778376944ad393b660af68e643078bc5'  itemscope=\"itemscope\" itemtype=\"https:\/\/schema.org\/CreativeWork\" ><div class='avia_textblock'  itemprop=\"text\" ><table width=\"875\">\n<tbody>\n<tr>\n<td width=\"226\">\u00d2RGAN JUDICIAL<\/td>\n<td width=\"142\">TEL\u00c8FON I FAX<\/td>\n<td width=\"214\">ADRE\u00c7A<\/td>\n<td width=\"293\">EMAIL<\/td>\n<\/tr>\n<tr>\n<td rowspan=\"2\" width=\"226\">Audi\u00e8ncia Provincial Civil n\u00fam. 1<\/td>\n<td width=\"142\">977 92 01 01<\/td>\n<td width=\"214\">Av. President Llu\u00eds Companys, 10<\/td>\n<td rowspan=\"2\" width=\"293\"><a href=\"mailto:aps1.tarragona@xij.gencat.cat\">aps1.tarragona@xij.gencat.cat<\/a><\/td>\n<\/tr>\n<tr>\n<td width=\"142\">977 92 01 11<\/td>\n<td width=\"214\">Tarragona 43005<\/td>\n<\/tr>\n<tr>\n<td rowspan=\"2\" width=\"226\">Audi\u00e8ncia Provincial Penal n\u00fam. 2<\/td>\n<td width=\"142\">977 92 01 02<\/td>\n<td width=\"214\">Av. President Llu\u00eds Companys, 10<\/td>\n<td rowspan=\"2\" width=\"293\"><a href=\"mailto:aps2.tarragona@xij.gencat.cat\">aps2.tarragona@xij.gencat.cat<\/a><\/td>\n<\/tr>\n<tr>\n<td width=\"142\">977 92 01 12<\/td>\n<td width=\"214\">Tarragona 43005<\/td>\n<\/tr>\n<tr>\n<td rowspan=\"2\" width=\"226\">Audi\u00e8ncia Provincial Civil n\u00fam. 3<\/td>\n<td width=\"142\">977 92 01 03<\/td>\n<td width=\"214\">Av. President Llu\u00eds Companys, 10<\/td>\n<td rowspan=\"2\" width=\"293\"><a href=\"mailto:aps3.tarragona@xij.gencat.cat\">aps3.tarragona@xij.gencat.cat<\/a><\/td>\n<\/tr>\n<tr>\n<td width=\"142\">977 92 01 13<\/td>\n<td width=\"214\">Tarragona 43005<\/td>\n<\/tr>\n<tr>\n<td rowspan=\"2\" width=\"226\">Audi\u00e8ncia Provincial Penal n\u00fam. 4<\/td>\n<td width=\"142\">977 92 05 00<\/td>\n<td width=\"214\">Av. President Llu\u00eds Companys, 10<\/td>\n<td rowspan=\"2\" width=\"293\"><a href=\"mailto:aps4.tarragona@xij.gencat.cat\">aps4.tarragona@xij.gencat.cat<\/a><\/td>\n<\/tr>\n<tr>\n<td width=\"142\">977 92 29 88<\/td>\n<td width=\"214\">Tarragona 43005<\/td>\n<\/tr>\n<tr>\n<td rowspan=\"2\" width=\"226\">Jutjat Mercantil<\/td>\n<td width=\"142\">977 92 01 17<\/td>\n<td width=\"214\">Av. Roma 19<\/td>\n<td rowspan=\"2\" width=\"293\"><a href=\"mailto:mercantil1.tarragona@xij.gencat.cat\">mercantil1.tarragona@xij.gencat.cat<\/a><\/td>\n<\/tr>\n<tr>\n<td width=\"142\">977 92 00 40<\/td>\n<td width=\"214\">Tarragona 43005<\/td>\n<\/tr>\n<tr>\n<td rowspan=\"2\" width=\"226\">Jutjat de Primera Inst\u00e0ncia n\u00fam. 1<\/td>\n<td width=\"142\">977 92 00 01<\/td>\n<td width=\"214\">Av. Roma, 7<\/td>\n<td rowspan=\"2\" width=\"293\"><a href=\"mailto:instancia1.tarragona@xij.gencat.cat\">instancia1.tarragona@xij.gencat.cat<\/a><\/td>\n<\/tr>\n<tr>\n<td width=\"142\">977 92 00 31<\/td>\n<td width=\"214\">Tarragona 43005<\/td>\n<\/tr>\n<tr>\n<td rowspan=\"2\" width=\"226\">Jutjat de Primera Inst\u00e0ncia n\u00fam. 2<\/td>\n<td width=\"142\">977 92 00 02<\/td>\n<td width=\"214\">Av. Roma, 7<\/td>\n<td rowspan=\"2\" width=\"293\"><a href=\"mailto:instancia2.tarragona@xij.gencat.cat\">instancia2.tarragona@xij.gencat.cat<\/a><\/td>\n<\/tr>\n<tr>\n<td width=\"142\">977 92 00 32<\/td>\n<td width=\"214\">Tarragona 43005<\/td>\n<\/tr>\n<tr>\n<td rowspan=\"2\" width=\"226\">Jutjat de Primera Inst\u00e0ncia n\u00fam. 3<\/td>\n<td width=\"142\">977 92 00 03<\/td>\n<td width=\"214\">Av. Roma, 7<\/td>\n<td rowspan=\"2\" width=\"293\"><a href=\"mailto:instancia3.tarragona@xij.gencat.cat\">instancia3.tarragona@xij.gencat.cat<\/a><\/td>\n<\/tr>\n<tr>\n<td width=\"142\">977 92 00 33<\/td>\n<td width=\"214\">Tarragona 43005<\/td>\n<\/tr>\n<tr>\n<td rowspan=\"2\" width=\"226\">Jutjat de Primera Inst\u00e0ncia n\u00fam. 4<\/td>\n<td width=\"142\">977 92 00 04<\/td>\n<td width=\"214\">Av. Roma, 21<\/td>\n<td rowspan=\"2\" width=\"293\"><a href=\"mailto:instancia4.tarragona@xij.gencat.cat\">instancia4.tarragona@xij.gencat.cat<\/a><\/td>\n<\/tr>\n<tr>\n<td width=\"142\">977 92 00 34<\/td>\n<td width=\"214\">Tarragona 43005<\/td>\n<\/tr>\n<tr>\n<td rowspan=\"2\" width=\"226\">Jutjat de Primera Inst\u00e0ncia n\u00fam. 5<\/td>\n<td width=\"142\">977 92 00 05<\/td>\n<td width=\"214\">Av. Roma, 23<\/td>\n<td rowspan=\"2\" width=\"293\"><a href=\"mailto:instancia5.tarragona@xij.gencat.cat\">instancia5.tarragona@xij.gencat.cat<\/a><\/td>\n<\/tr>\n<tr>\n<td width=\"142\">977 92 00 35<\/td>\n<td width=\"214\">Tarragona 43005<\/td>\n<\/tr>\n<tr>\n<td rowspan=\"2\" width=\"226\">Jutjat de Primera Inst\u00e0ncia n\u00fam. 6<\/td>\n<td width=\"142\">977 92 00 06<\/td>\n<td width=\"214\">Av. Roma, 19 \u2013 Baixos<\/td>\n<td rowspan=\"2\" width=\"293\"><a href=\"mailto:instancia6.tarragona@xij.gencat.cat\">instancia6.tarragona@xij.gencat.cat<\/a><\/td>\n<\/tr>\n<tr>\n<td width=\"142\">977 92 00 36<\/td>\n<td width=\"214\">Tarragona 43005<\/td>\n<\/tr>\n<tr>\n<td rowspan=\"2\" width=\"226\">Jutjat de Primera Inst\u00e0ncia n\u00fam. 7<\/td>\n<td rowspan=\"2\" width=\"142\">977 92 19 10<\/td>\n<td width=\"214\">Av. Roma, 21<\/td>\n<td rowspan=\"2\" width=\"293\"><a href=\"mailto:instancia7.tarragona@xij.gencat.cat\">instancia7.tarragona@xij.gencat.cat<\/a><\/td>\n<\/tr>\n<tr>\n<td width=\"214\">Tarragona 43005<\/td>\n<\/tr>\n<tr>\n<td rowspan=\"2\" width=\"226\">Jutjat de Primera Inst\u00e0ncia n\u00fam. 8<\/td>\n<td width=\"142\">977 92 28 51<\/td>\n<td width=\"214\">Av. Roma, 21<\/td>\n<td rowspan=\"2\" width=\"293\"><a href=\"mailto:instancia8.tarragona@xij.gencat.cat\">instancia8.tarragona@xij.gencat.cat<\/a><\/td>\n<\/tr>\n<tr>\n<td width=\"142\">977 92 28 50<\/td>\n<td width=\"214\">Tarragona 43005<\/td>\n<\/tr>\n<tr>\n<td rowspan=\"2\" width=\"226\">Jutjat d\u2019Instrucci\u00f3 n\u00fam. 1<\/td>\n<td width=\"142\">977 92 00 11<\/td>\n<td width=\"214\">Av. President Llu\u00eds Companys, 10<\/td>\n<td rowspan=\"2\" width=\"293\"><a href=\"mailto:instruccio1.tarragona@xij.gencat.cat\">instruccio1.tarragona@xij.gencat.cat<\/a><\/td>\n<\/tr>\n<tr>\n<td width=\"142\">977 92 00 07<\/td>\n<td width=\"214\">Tarragona 43005<\/td>\n<\/tr>\n<tr>\n<td rowspan=\"2\" width=\"226\">Jutjat d\u2019Instrucci\u00f3 n\u00fam. 2<\/td>\n<td width=\"142\">977 92 00 12<\/td>\n<td width=\"214\">Av. President Llu\u00eds Companys, 10<\/td>\n<td rowspan=\"2\" width=\"293\"><a href=\"mailto:instruccio2.tarragona@xij.gencat.cat\">instruccio2.tarragona@xij.gencat.cat<\/a><\/td>\n<\/tr>\n<tr>\n<td width=\"142\">977 92 00 07<\/td>\n<td width=\"214\">Tarragona 43005<\/td>\n<\/tr>\n<tr>\n<td rowspan=\"2\" width=\"226\">Jutjat d\u2019Instrucci\u00f3 n\u00fam. 3<\/td>\n<td width=\"142\">977 92 00 13<\/td>\n<td width=\"214\">Av. President Llu\u00eds Companys, 10<\/td>\n<td rowspan=\"2\" width=\"293\"><a href=\"mailto:instruccio3.tarragona@xij.gencat.cat\">instruccio3.tarragona@xij.gencat.cat<\/a><\/td>\n<\/tr>\n<tr>\n<td width=\"142\">977 92 00 07<\/td>\n<td width=\"214\">Tarragona 43005<\/td>\n<\/tr>\n<tr>\n<td rowspan=\"2\" width=\"226\">Jutjat d\u2019Instrucci\u00f3 n\u00fam. 4<\/td>\n<td width=\"142\">977 92 00 14<\/td>\n<td width=\"214\">Av. President Llu\u00eds Companys, 10<\/td>\n<td rowspan=\"2\" width=\"293\"><a href=\"mailto:instruccio4.tarragona@xij.gencat.cat\">instruccio4.tarragona@xij.gencat.cat<\/a><\/td>\n<\/tr>\n<tr>\n<td width=\"142\">977 92 00 07<\/td>\n<td width=\"214\">Tarragona 43005<\/td>\n<\/tr>\n<tr>\n<td rowspan=\"2\" width=\"226\">Jutjat d\u2019Instrucci\u00f3 n\u00fam. 5<\/td>\n<td width=\"142\">977 92 00 15<\/td>\n<td width=\"214\">Av. President Llu\u00eds Companys, 10<\/td>\n<td rowspan=\"2\" width=\"293\"><a href=\"mailto:instruccio5.tarragona@xij.gencat.cat\">instruccio5.tarragona@xij.gencat.cat<\/a><\/td>\n<\/tr>\n<tr>\n<td width=\"142\">977 92 00 07<\/td>\n<td width=\"214\">Tarragona 43005<\/td>\n<\/tr>\n<tr>\n<td rowspan=\"2\" width=\"226\">Jutjat d\u2019Instrucci\u00f3 n\u00fam. 6<\/td>\n<td width=\"142\">977 92 03 06<\/td>\n<td width=\"214\">Av. President Llu\u00eds Companys, 10<\/td>\n<td rowspan=\"2\" width=\"293\"><a href=\"mailto:instruccio6.tarragona@xij.gencat.cat\">instruccio6.tarragona@xij.gencat.cat<\/a><\/td>\n<\/tr>\n<tr>\n<td width=\"142\">977 92 00 07<\/td>\n<td width=\"214\">Tarragona 43005<\/td>\n<\/tr>\n<tr>\n<td rowspan=\"2\" width=\"226\">Jutjat del Social n\u00fam.1<\/td>\n<td width=\"142\">977 92 02 91<\/td>\n<td width=\"214\">Av. Roma, 21<\/td>\n<td rowspan=\"2\" width=\"293\"><a href=\"mailto:social1.tarragona@xij.gencat.cat\">social1.tarragona@xij.gencat.cat<\/a><\/td>\n<\/tr>\n<tr>\n<td width=\"142\">977 92 03 01<\/td>\n<td width=\"214\">Tarragona 43005<\/td>\n<\/tr>\n<tr>\n<td rowspan=\"2\" width=\"226\">Jutjat del Social n\u00fam.2<\/td>\n<td width=\"142\">977 92 02 92<\/td>\n<td width=\"214\">Av. Roma, 21<\/td>\n<td rowspan=\"2\" width=\"293\"><a href=\"mailto:social2.tarragona@xij.gencat.cat\">social2.tarragona@xij.gencat.cat<\/a><\/td>\n<\/tr>\n<tr>\n<td width=\"142\">977 92 03 00<\/td>\n<td width=\"214\">Tarragona 43005<\/td>\n<\/tr>\n<tr>\n<td rowspan=\"2\" width=\"226\">Jutjat del Social n\u00fam.3<\/td>\n<td width=\"142\">977 92 28 60<\/td>\n<td width=\"214\">Av. Roma, 21<\/td>\n<td rowspan=\"2\" width=\"293\"><a href=\"mailto:social3.tarragona@xij.gencat.cat\">social3.tarragona@xij.gencat.cat<\/a><\/td>\n<\/tr>\n<tr>\n<td width=\"142\">977 92 28 61<\/td>\n<td width=\"214\">Tarragona 43005<\/td>\n<\/tr>\n<tr>\n<td rowspan=\"2\" width=\"226\">Jutjat del Contenci\u00f3s-administratiu n\u00fam. 1<\/td>\n<td width=\"142\">977 92 00 21<\/td>\n<td width=\"214\">Av. Roma, 23<\/td>\n<td rowspan=\"2\" width=\"293\"><a href=\"mailto:contencios1.tarragona@xij.gencat.cat\">contencios1.tarragona@xij.gencat.cat<\/a><\/td>\n<\/tr>\n<tr>\n<td width=\"142\">977 92 00 07<\/td>\n<td width=\"214\">Tarragona 43005<\/td>\n<\/tr>\n<tr>\n<td rowspan=\"2\" width=\"226\">Jutjat del Contenci\u00f3s-administratiu n\u00fam. 2<\/td>\n<td width=\"142\">977 92 00 22<\/td>\n<td width=\"214\">Av. Roma, 23<\/td>\n<td rowspan=\"2\" width=\"293\"><a href=\"mailto:contencios2.tarragona@xij.gencat.cat\">contencios2.tarragona@xij.gencat.cat<\/a><\/td>\n<\/tr>\n<tr>\n<td width=\"142\">977 92 00 07<\/td>\n<td width=\"214\">Tarragona 43005<\/td>\n<\/tr>\n<tr>\n<td rowspan=\"2\" width=\"226\">Jutjat de Viol\u00e8ncia sobre la Dona n\u00fam. 1<\/td>\n<td width=\"142\">977 92 03 10<\/td>\n<td width=\"214\">Av. President Llu\u00eds Companys, 10<\/td>\n<td rowspan=\"2\" width=\"293\"><a href=\"mailto:vido1.tarragona@xij.gencat.cat\">vido1.tarragona@xij.gencat.cat<\/a><\/td>\n<\/tr>\n<tr>\n<td width=\"142\">977 92 03 11<\/td>\n<td width=\"214\">Tarragona 43005<\/td>\n<\/tr>\n<tr>\n<td rowspan=\"2\" width=\"226\">Jutjat Penal n\u00fam. 1<\/td>\n<td width=\"142\">977 92 02 51<\/td>\n<td width=\"214\">Sant Antoni Maria Claret, 20-24<\/td>\n<td rowspan=\"2\" width=\"293\"><a href=\"mailto:penal1.tarragona@xij.gencat.cat\">penal1.tarragona@xij.gencat.cat<\/a><\/td>\n<\/tr>\n<tr>\n<td width=\"142\">977 92 02 61<\/td>\n<td width=\"214\">Tarragona 43005<\/td>\n<\/tr>\n<tr>\n<td rowspan=\"2\" width=\"226\">Jutjat Penal n\u00fam. 2<\/td>\n<td width=\"142\">977 92 02 52<\/td>\n<td width=\"214\">Sant Antoni Maria Claret, 20-24<\/td>\n<td rowspan=\"2\" width=\"293\"><a href=\"mailto:penal2.tarragona@xij.gencat.cat\">penal2.tarragona@xij.gencat.cat<\/a><\/td>\n<\/tr>\n<tr>\n<td width=\"142\">977 92 02 62<\/td>\n<td width=\"214\">Tarragona 43005<\/td>\n<\/tr>\n<tr>\n<td rowspan=\"2\" width=\"226\">Jutjat Penal n\u00fam. 3<\/td>\n<td width=\"142\">977 92 02 53<\/td>\n<td width=\"214\">Sant Antoni Maria Claret, 20-24<\/td>\n<td rowspan=\"2\" width=\"293\"><a href=\"mailto:penal3.tarragona@xij.gencat.cat\">penal3.tarragona@xij.gencat.cat<\/a><\/td>\n<\/tr>\n<tr>\n<td width=\"142\">977 92 02 63<\/td>\n<td width=\"214\">Tarragona 43005<\/td>\n<\/tr>\n<tr>\n<td rowspan=\"2\" width=\"226\">Jutjat Penal n\u00fam. 4<\/td>\n<td width=\"142\">977 92 02 54<\/td>\n<td width=\"214\">Sant Antoni Maria Claret, 20-24<\/td>\n<td rowspan=\"2\" width=\"293\"><a href=\"mailto:penal4.tarragona@xij.gencat.cat\">penal4.tarragona@xij.gencat.cat<\/a><\/td>\n<\/tr>\n<tr>\n<td width=\"142\">977 92 02 64<\/td>\n<td width=\"214\">Tarragona 43005<\/td>\n<\/tr>\n<tr>\n<td rowspan=\"2\" width=\"226\">Jutjat Penal n\u00fam. 5<\/td>\n<td width=\"142\">977 92 08 32<\/td>\n<td width=\"214\">Av. President Llu\u00eds Companys, 10<\/td>\n<td rowspan=\"2\" width=\"293\"><a href=\"mailto:penal5.tarragona@xij.gencat.cat\">penal5.tarragona@xij.gencat.cat<\/a><\/td>\n<\/tr>\n<tr>\n<td width=\"142\">977 920 833<\/td>\n<td width=\"214\">Tarragona 43005<\/td>\n<\/tr>\n<tr>\n<td rowspan=\"2\" width=\"226\">Jutjat de Menors \u00danic<\/td>\n<td width=\"142\">977 24 81 81<\/td>\n<td width=\"214\">Vidal Barraquer, 5 \u2013 Baixos OR<\/td>\n<td rowspan=\"2\" width=\"293\"><a href=\"mailto:menors1.tarragona@xij.gencat.cat\">m+A2:D64enors1.tarragona@xij.gencat.cat<\/a><\/td>\n<\/tr>\n<tr>\n<td width=\"142\">977 24 81 82<\/td>\n<td width=\"214\">Tarragona 43005<\/td>\n<\/tr>\n<\/tbody>\n<\/table>\n<\/div><\/section>\n\n<style type=\"text\/css\" data-created_by=\"avia_inline_auto\" id=\"style-css-av-lchnsd4z-12923a2220abbdd61e50b94b49c85ca0\">\n#top .av-special-heading.av-lchnsd4z-12923a2220abbdd61e50b94b49c85ca0{\npadding-bottom:10px;\n}\nbody .av-special-heading.av-lchnsd4z-12923a2220abbdd61e50b94b49c85ca0 .av-special-heading-tag .heading-char{\nfont-size:25px;\n}\n.av-special-heading.av-lchnsd4z-12923a2220abbdd61e50b94b49c85ca0 .av-subheading{\nfont-size:15px;\n}\n<\/style>\n<div  class='av-special-heading av-lchnsd4z-12923a2220abbdd61e50b94b49c85ca0 av-special-heading-h2 blockquote modern-quote modern-centered  avia-builder-el-3  el_after_av_textblock  el_before_av_textblock '><h2 class='av-special-heading-tag'  itemprop=\"headline\"  >REUS<\/h2><div class=\"special-heading-border\"><div class=\"special-heading-inner-border\"><\/div><\/div><\/div>\n<section  class='av_textblock_section av-av_textblock-e878f05c31dff72941bf1e49a00d9ff5'  itemscope=\"itemscope\" itemtype=\"https:\/\/schema.org\/CreativeWork\" ><div class='avia_textblock'  itemprop=\"text\" ><table width=\"875\">\n<tbody>\n<tr>\n<td width=\"226\">\u00d2RGAN JUDICIAL<\/td>\n<td width=\"142\">TEL\u00c8FON I FAX<\/td>\n<td width=\"214\">ADRE\u00c7A<\/td>\n<td width=\"293\">EMAIL<\/td>\n<\/tr>\n<tr>\n<td rowspan=\"2\" width=\"226\">Audi\u00e8ncia Provincial Civil n\u00fam. 1<\/td>\n<td width=\"142\">977 92 01 01<\/td>\n<td width=\"214\">Av. President Llu\u00eds Companys, 10<\/td>\n<td rowspan=\"2\" width=\"293\"><a href=\"mailto:aps1.tarragona@xij.gencat.cat\">aps1.tarragona@xij.gencat.cat<\/a><\/td>\n<\/tr>\n<tr>\n<td width=\"142\">977 92 01 11<\/td>\n<td width=\"214\">Tarragona 43005<\/td>\n<\/tr>\n<tr>\n<td rowspan=\"2\" width=\"226\">Audi\u00e8ncia Provincial Penal n\u00fam. 2<\/td>\n<td width=\"142\">977 92 01 02<\/td>\n<td width=\"214\">Av. President Llu\u00eds Companys, 10<\/td>\n<td rowspan=\"2\" width=\"293\"><a href=\"mailto:aps2.tarragona@xij.gencat.cat\">aps2.tarragona@xij.gencat.cat<\/a><\/td>\n<\/tr>\n<tr>\n<td width=\"142\">977 92 01 12<\/td>\n<td width=\"214\">Tarragona 43005<\/td>\n<\/tr>\n<tr>\n<td rowspan=\"2\" width=\"226\">Audi\u00e8ncia Provincial Civil n\u00fam. 3<\/td>\n<td width=\"142\">977 92 01 03<\/td>\n<td width=\"214\">Av. President Llu\u00eds Companys, 10<\/td>\n<td rowspan=\"2\" width=\"293\"><a href=\"mailto:aps3.tarragona@xij.gencat.cat\">aps3.tarragona@xij.gencat.cat<\/a><\/td>\n<\/tr>\n<tr>\n<td width=\"142\">977 92 01 13<\/td>\n<td width=\"214\">Tarragona 43005<\/td>\n<\/tr>\n<tr>\n<td rowspan=\"2\" width=\"226\">Audi\u00e8ncia Provincial Penal n\u00fam. 4<\/td>\n<td width=\"142\">977 92 05 00<\/td>\n<td width=\"214\">Av. President Llu\u00eds Companys, 10<\/td>\n<td rowspan=\"2\" width=\"293\"><a href=\"mailto:aps4.tarragona@xij.gencat.cat\">aps4.tarragona@xij.gencat.cat<\/a><\/td>\n<\/tr>\n<tr>\n<td width=\"142\">977 92 29 88<\/td>\n<td width=\"214\">Tarragona 43005<\/td>\n<\/tr>\n<tr>\n<td rowspan=\"2\" width=\"226\">Jutjat Mercantil<\/td>\n<td width=\"142\">977 92 01 17<\/td>\n<td width=\"214\">Av. Roma 19<\/td>\n<td rowspan=\"2\" width=\"293\"><a href=\"mailto:mercantil1.tarragona@xij.gencat.cat\">mercantil1.tarragona@xij.gencat.cat<\/a><\/td>\n<\/tr>\n<tr>\n<td width=\"142\">977 92 00 40<\/td>\n<td width=\"214\">Tarragona 43005<\/td>\n<\/tr>\n<tr>\n<td rowspan=\"2\" width=\"226\">Jutjat de Primera Inst\u00e0ncia n\u00fam. 1<\/td>\n<td width=\"142\">977 92 00 01<\/td>\n<td width=\"214\">Av. Roma, 7<\/td>\n<td rowspan=\"2\" width=\"293\"><a href=\"mailto:instancia1.tarragona@xij.gencat.cat\">instancia1.tarragona@xij.gencat.cat<\/a><\/td>\n<\/tr>\n<tr>\n<td width=\"142\">977 92 00 31<\/td>\n<td width=\"214\">Tarragona 43005<\/td>\n<\/tr>\n<tr>\n<td rowspan=\"2\" width=\"226\">Jutjat de Primera Inst\u00e0ncia n\u00fam. 2<\/td>\n<td width=\"142\">977 92 00 02<\/td>\n<td width=\"214\">Av. Roma, 7<\/td>\n<td rowspan=\"2\" width=\"293\"><a href=\"mailto:instancia2.tarragona@xij.gencat.cat\">instancia2.tarragona@xij.gencat.cat<\/a><\/td>\n<\/tr>\n<tr>\n<td width=\"142\">977 92 00 32<\/td>\n<td width=\"214\">Tarragona 43005<\/td>\n<\/tr>\n<tr>\n<td rowspan=\"2\" width=\"226\">Jutjat de Primera Inst\u00e0ncia n\u00fam. 3<\/td>\n<td width=\"142\">977 92 00 03<\/td>\n<td width=\"214\">Av. Roma, 7<\/td>\n<td rowspan=\"2\" width=\"293\"><a href=\"mailto:instancia3.tarragona@xij.gencat.cat\">instancia3.tarragona@xij.gencat.cat<\/a><\/td>\n<\/tr>\n<tr>\n<td width=\"142\">977 92 00 33<\/td>\n<td width=\"214\">Tarragona 43005<\/td>\n<\/tr>\n<tr>\n<td rowspan=\"2\" width=\"226\">Jutjat de Primera Inst\u00e0ncia n\u00fam. 4<\/td>\n<td width=\"142\">977 92 00 04<\/td>\n<td width=\"214\">Av. Roma, 21<\/td>\n<td rowspan=\"2\" width=\"293\"><a href=\"mailto:instancia4.tarragona@xij.gencat.cat\">instancia4.tarragona@xij.gencat.cat<\/a><\/td>\n<\/tr>\n<tr>\n<td width=\"142\">977 92 00 34<\/td>\n<td width=\"214\">Tarragona 43005<\/td>\n<\/tr>\n<tr>\n<td rowspan=\"2\" width=\"226\">Jutjat de Primera Inst\u00e0ncia n\u00fam. 5<\/td>\n<td width=\"142\">977 92 00 05<\/td>\n<td width=\"214\">Av. Roma, 23<\/td>\n<td rowspan=\"2\" width=\"293\"><a href=\"mailto:instancia5.tarragona@xij.gencat.cat\">instancia5.tarragona@xij.gencat.cat<\/a><\/td>\n<\/tr>\n<tr>\n<td width=\"142\">977 92 00 35<\/td>\n<td width=\"214\">Tarragona 43005<\/td>\n<\/tr>\n<tr>\n<td rowspan=\"2\" width=\"226\">Jutjat de Primera Inst\u00e0ncia n\u00fam. 6<\/td>\n<td width=\"142\">977 92 00 06<\/td>\n<td width=\"214\">Av. Roma, 19 \u2013 Baixos<\/td>\n<td rowspan=\"2\" width=\"293\"><a href=\"mailto:instancia6.tarragona@xij.gencat.cat\">instancia6.tarragona@xij.gencat.cat<\/a><\/td>\n<\/tr>\n<tr>\n<td width=\"142\">977 92 00 36<\/td>\n<td width=\"214\">Tarragona 43005<\/td>\n<\/tr>\n<tr>\n<td rowspan=\"2\" width=\"226\">Jutjat de Primera Inst\u00e0ncia n\u00fam. 7<\/td>\n<td rowspan=\"2\" width=\"142\">977 92 19 10<\/td>\n<td width=\"214\">Av. Roma, 21<\/td>\n<td rowspan=\"2\" width=\"293\"><a href=\"mailto:instancia7.tarragona@xij.gencat.cat\">instancia7.tarragona@xij.gencat.cat<\/a><\/td>\n<\/tr>\n<tr>\n<td width=\"214\">Tarragona 43005<\/td>\n<\/tr>\n<tr>\n<td rowspan=\"2\" width=\"226\">Jutjat de Primera Inst\u00e0ncia n\u00fam. 8<\/td>\n<td width=\"142\">977 92 28 51<\/td>\n<td width=\"214\">Av. Roma, 21<\/td>\n<td rowspan=\"2\" width=\"293\"><a href=\"mailto:instancia8.tarragona@xij.gencat.cat\">instancia8.tarragona@xij.gencat.cat<\/a><\/td>\n<\/tr>\n<tr>\n<td width=\"142\">977 92 28 50<\/td>\n<td width=\"214\">Tarragona 43005<\/td>\n<\/tr>\n<tr>\n<td rowspan=\"2\" width=\"226\">Jutjat d\u2019Instrucci\u00f3 n\u00fam. 1<\/td>\n<td width=\"142\">977 92 00 11<\/td>\n<td width=\"214\">Av. President Llu\u00eds Companys, 10<\/td>\n<td rowspan=\"2\" width=\"293\"><a href=\"mailto:instruccio1.tarragona@xij.gencat.cat\">instruccio1.tarragona@xij.gencat.cat<\/a><\/td>\n<\/tr>\n<tr>\n<td width=\"142\">977 92 00 07<\/td>\n<td width=\"214\">Tarragona 43005<\/td>\n<\/tr>\n<tr>\n<td rowspan=\"2\" width=\"226\">Jutjat d\u2019Instrucci\u00f3 n\u00fam. 2<\/td>\n<td width=\"142\">977 92 00 12<\/td>\n<td width=\"214\">Av. President Llu\u00eds Companys, 10<\/td>\n<td rowspan=\"2\" width=\"293\"><a href=\"mailto:instruccio2.tarragona@xij.gencat.cat\">instruccio2.tarragona@xij.gencat.cat<\/a><\/td>\n<\/tr>\n<tr>\n<td width=\"142\">977 92 00 07<\/td>\n<td width=\"214\">Tarragona 43005<\/td>\n<\/tr>\n<tr>\n<td rowspan=\"2\" width=\"226\">Jutjat d\u2019Instrucci\u00f3 n\u00fam. 3<\/td>\n<td width=\"142\">977 92 00 13<\/td>\n<td width=\"214\">Av. President Llu\u00eds Companys, 10<\/td>\n<td rowspan=\"2\" width=\"293\"><a href=\"mailto:instruccio3.tarragona@xij.gencat.cat\">instruccio3.tarragona@xij.gencat.cat<\/a><\/td>\n<\/tr>\n<tr>\n<td width=\"142\">977 92 00 07<\/td>\n<td width=\"214\">Tarragona 43005<\/td>\n<\/tr>\n<tr>\n<td rowspan=\"2\" width=\"226\">Jutjat d\u2019Instrucci\u00f3 n\u00fam. 4<\/td>\n<td width=\"142\">977 92 00 14<\/td>\n<td width=\"214\">Av. President Llu\u00eds Companys, 10<\/td>\n<td rowspan=\"2\" width=\"293\"><a href=\"mailto:instruccio4.tarragona@xij.gencat.cat\">instruccio4.tarragona@xij.gencat.cat<\/a><\/td>\n<\/tr>\n<tr>\n<td width=\"142\">977 92 00 07<\/td>\n<td width=\"214\">Tarragona 43005<\/td>\n<\/tr>\n<tr>\n<td rowspan=\"2\" width=\"226\">Jutjat d\u2019Instrucci\u00f3 n\u00fam. 5<\/td>\n<td width=\"142\">977 92 00 15<\/td>\n<td width=\"214\">Av. President Llu\u00eds Companys, 10<\/td>\n<td rowspan=\"2\" width=\"293\"><a href=\"mailto:instruccio5.tarragona@xij.gencat.cat\">instruccio5.tarragona@xij.gencat.cat<\/a><\/td>\n<\/tr>\n<tr>\n<td width=\"142\">977 92 00 07<\/td>\n<td width=\"214\">Tarragona 43005<\/td>\n<\/tr>\n<tr>\n<td rowspan=\"2\" width=\"226\">Jutjat d\u2019Instrucci\u00f3 n\u00fam. 6<\/td>\n<td width=\"142\">977 92 03 06<\/td>\n<td width=\"214\">Av. President Llu\u00eds Companys, 10<\/td>\n<td rowspan=\"2\" width=\"293\"><a href=\"mailto:instruccio6.tarragona@xij.gencat.cat\">instruccio6.tarragona@xij.gencat.cat<\/a><\/td>\n<\/tr>\n<tr>\n<td width=\"142\">977 92 00 07<\/td>\n<td width=\"214\">Tarragona 43005<\/td>\n<\/tr>\n<tr>\n<td rowspan=\"2\" width=\"226\">Jutjat del Social n\u00fam.1<\/td>\n<td width=\"142\">977 92 02 91<\/td>\n<td width=\"214\">Av. Roma, 21<\/td>\n<td rowspan=\"2\" width=\"293\"><a href=\"mailto:social1.tarragona@xij.gencat.cat\">social1.tarragona@xij.gencat.cat<\/a><\/td>\n<\/tr>\n<tr>\n<td width=\"142\">977 92 03 01<\/td>\n<td width=\"214\">Tarragona 43005<\/td>\n<\/tr>\n<tr>\n<td rowspan=\"2\" width=\"226\">Jutjat del Social n\u00fam.2<\/td>\n<td width=\"142\">977 92 02 92<\/td>\n<td width=\"214\">Av. Roma, 21<\/td>\n<td rowspan=\"2\" width=\"293\"><a href=\"mailto:social2.tarragona@xij.gencat.cat\">social2.tarragona@xij.gencat.cat<\/a><\/td>\n<\/tr>\n<tr>\n<td width=\"142\">977 92 03 00<\/td>\n<td width=\"214\">Tarragona 43005<\/td>\n<\/tr>\n<tr>\n<td rowspan=\"2\" width=\"226\">Jutjat del Social n\u00fam.3<\/td>\n<td width=\"142\">977 92 28 60<\/td>\n<td width=\"214\">Av. Roma, 21<\/td>\n<td rowspan=\"2\" width=\"293\"><a href=\"mailto:social3.tarragona@xij.gencat.cat\">social3.tarragona@xij.gencat.cat<\/a><\/td>\n<\/tr>\n<tr>\n<td width=\"142\">977 92 28 61<\/td>\n<td width=\"214\">Tarragona 43005<\/td>\n<\/tr>\n<tr>\n<td rowspan=\"2\" width=\"226\">Jutjat del Contenci\u00f3s-administratiu n\u00fam. 1<\/td>\n<td width=\"142\">977 92 00 21<\/td>\n<td width=\"214\">Av. Roma, 23<\/td>\n<td rowspan=\"2\" width=\"293\"><a href=\"mailto:contencios1.tarragona@xij.gencat.cat\">contencios1.tarragona@xij.gencat.cat<\/a><\/td>\n<\/tr>\n<tr>\n<td width=\"142\">977 92 00 07<\/td>\n<td width=\"214\">Tarragona 43005<\/td>\n<\/tr>\n<tr>\n<td rowspan=\"2\" width=\"226\">Jutjat del Contenci\u00f3s-administratiu n\u00fam. 2<\/td>\n<td width=\"142\">977 92 00 22<\/td>\n<td width=\"214\">Av. Roma, 23<\/td>\n<td rowspan=\"2\" width=\"293\"><a href=\"mailto:contencios2.tarragona@xij.gencat.cat\">contencios2.tarragona@xij.gencat.cat<\/a><\/td>\n<\/tr>\n<tr>\n<td width=\"142\">977 92 00 07<\/td>\n<td width=\"214\">Tarragona 43005<\/td>\n<\/tr>\n<tr>\n<td rowspan=\"2\" width=\"226\">Jutjat de Viol\u00e8ncia sobre la Dona n\u00fam. 1<\/td>\n<td width=\"142\">977 92 03 10<\/td>\n<td width=\"214\">Av. President Llu\u00eds Companys, 10<\/td>\n<td rowspan=\"2\" width=\"293\"><a href=\"mailto:vido1.tarragona@xij.gencat.cat\">vido1.tarragona@xij.gencat.cat<\/a><\/td>\n<\/tr>\n<tr>\n<td width=\"142\">977 92 03 11<\/td>\n<td width=\"214\">Tarragona 43005<\/td>\n<\/tr>\n<tr>\n<td rowspan=\"2\" width=\"226\">Jutjat Penal n\u00fam. 1<\/td>\n<td width=\"142\">977 92 02 51<\/td>\n<td width=\"214\">Sant Antoni Maria Claret, 20-24<\/td>\n<td rowspan=\"2\" width=\"293\"><a href=\"mailto:penal1.tarragona@xij.gencat.cat\">penal1.tarragona@xij.gencat.cat<\/a><\/td>\n<\/tr>\n<tr>\n<td width=\"142\">977 92 02 61<\/td>\n<td width=\"214\">Tarragona 43005<\/td>\n<\/tr>\n<tr>\n<td rowspan=\"2\" width=\"226\">Jutjat Penal n\u00fam. 2<\/td>\n<td width=\"142\">977 92 02 52<\/td>\n<td width=\"214\">Sant Antoni Maria Claret, 20-24<\/td>\n<td rowspan=\"2\" width=\"293\"><a href=\"mailto:penal2.tarragona@xij.gencat.cat\">penal2.tarragona@xij.gencat.cat<\/a><\/td>\n<\/tr>\n<tr>\n<td width=\"142\">977 92 02 62<\/td>\n<td width=\"214\">Tarragona 43005<\/td>\n<\/tr>\n<tr>\n<td rowspan=\"2\" width=\"226\">Jutjat Penal n\u00fam. 3<\/td>\n<td width=\"142\">977 92 02 53<\/td>\n<td width=\"214\">Sant Antoni Maria Claret, 20-24<\/td>\n<td rowspan=\"2\" width=\"293\"><a href=\"mailto:penal3.tarragona@xij.gencat.cat\">penal3.tarragona@xij.gencat.cat<\/a><\/td>\n<\/tr>\n<tr>\n<td width=\"142\">977 92 02 63<\/td>\n<td width=\"214\">Tarragona 43005<\/td>\n<\/tr>\n<tr>\n<td rowspan=\"2\" width=\"226\">Jutjat Penal n\u00fam. 4<\/td>\n<td width=\"142\">977 92 02 54<\/td>\n<td width=\"214\">Sant Antoni Maria Claret, 20-24<\/td>\n<td rowspan=\"2\" width=\"293\"><a href=\"mailto:penal4.tarragona@xij.gencat.cat\">penal4.tarragona@xij.gencat.cat<\/a><\/td>\n<\/tr>\n<tr>\n<td width=\"142\">977 92 02 64<\/td>\n<td width=\"214\">Tarragona 43005<\/td>\n<\/tr>\n<tr>\n<td rowspan=\"2\" width=\"226\">Jutjat Penal n\u00fam. 5<\/td>\n<td width=\"142\">977 92 08 32<\/td>\n<td width=\"214\">Av. President Llu\u00eds Companys, 10<\/td>\n<td rowspan=\"2\" width=\"293\"><a href=\"mailto:penal5.tarragona@xij.gencat.cat\">penal5.tarragona@xij.gencat.cat<\/a><\/td>\n<\/tr>\n<tr>\n<td width=\"142\">977 920 833<\/td>\n<td width=\"214\">Tarragona 43005<\/td>\n<\/tr>\n<tr>\n<td rowspan=\"2\" width=\"226\">Jutjat de Menors \u00danic<\/td>\n<td width=\"142\">977 24 81 81<\/td>\n<td width=\"214\">Vidal Barraquer, 5 \u2013 Baixos OR<\/td>\n<td rowspan=\"2\" width=\"293\"><a href=\"mailto:menors1.tarragona@xij.gencat.cat\">m+A2:D64enors1.tarragona@xij.gencat.cat<\/a><\/td>\n<\/tr>\n<tr>\n<td width=\"142\">977 24 81 82<\/td>\n<td width=\"214\">Tarragona 43005<\/td>\n<\/tr>\n<\/tbody>\n<\/table>\n<\/div><\/section>\n\n<style type=\"text\/css\" data-created_by=\"avia_inline_auto\" id=\"style-css-av-lchnlr0x-350996ae9f912c5c82c4249b5f99784c\">\n#top .av-special-heading.av-lchnlr0x-350996ae9f912c5c82c4249b5f99784c{\npadding-bottom:10px;\n}\nbody .av-special-heading.av-lchnlr0x-350996ae9f912c5c82c4249b5f99784c .av-special-heading-tag .heading-char{\nfont-size:25px;\n}\n.av-special-heading.av-lchnlr0x-350996ae9f912c5c82c4249b5f99784c .av-subheading{\nfont-size:15px;\n}\n<\/style>\n<div  class='av-special-heading av-lchnlr0x-350996ae9f912c5c82c4249b5f99784c av-special-heading-h2 blockquote modern-quote modern-centered  avia-builder-el-5  el_after_av_textblock  el_before_av_textblock '><h2 class='av-special-heading-tag'  itemprop=\"headline\"  >EL VENDRELL<\/h2><div class=\"special-heading-border\"><div class=\"special-heading-inner-border\"><\/div><\/div><\/div>\n<section  class='av_textblock_section av-lchnmt7x-a3f8397517cb16c10bfbaf7c2d38c0d7'  itemscope=\"itemscope\" itemtype=\"https:\/\/schema.org\/CreativeWork\" ><div class='avia_textblock'  itemprop=\"text\" ><table width=\"875\">\n<tbody>\n<tr>\n<td width=\"226\">\u00d2RGAN JUDICIAL<\/td>\n<td width=\"142\">TEL\u00c8FON I FAX<\/td>\n<td width=\"214\">ADRE\u00c7A<\/td>\n<td width=\"293\">EMAIL<\/td>\n<\/tr>\n<tr>\n<td rowspan=\"2\" width=\"226\">Jutjat de Primera Inst\u00e0ncia i Instrucci\u00f3 n\u00fam. 1<\/td>\n<td width=\"142\">977 92 42 01<\/td>\n<td width=\"214\">C\/ Francesc Riera, 13<\/td>\n<td rowspan=\"2\" width=\"293\"><a href=\"mailto:mixt1.vendrell@xij.gencat.cat\">mixt1.vendrell@xij.gencat.cat<\/a><\/td>\n<\/tr>\n<tr>\n<td width=\"142\">977 92 42 40<\/td>\n<td width=\"214\">El Vendrell 43700<\/td>\n<\/tr>\n<tr>\n<td rowspan=\"2\" width=\"226\">Jutjat de Primera Inst\u00e0ncia i Instrucci\u00f3 n\u00fam. 2<\/td>\n<td width=\"142\">977 92 42 02<\/td>\n<td width=\"214\">C\/ Francesc Riera, 13<\/td>\n<td rowspan=\"2\" width=\"293\"><a href=\"mailto:mixt2.vendrell@xij.gencat.cat\">mixt2.vendrell@xij.gencat.cat<\/a><\/td>\n<\/tr>\n<tr>\n<td width=\"142\">977 92 42 40<\/td>\n<td width=\"214\">El Vendrell 43700<\/td>\n<\/tr>\n<tr>\n<td rowspan=\"2\" width=\"226\">Jutjat de Primera Inst\u00e0ncia i Instrucci\u00f3 n\u00fam. 3<\/td>\n<td width=\"142\">977 92 42 03<\/td>\n<td width=\"214\">C\/ Francesc Riera, 13<\/td>\n<td rowspan=\"2\" width=\"293\"><a href=\"mailto:mixt3.vendrell@xij.gencat.cat\">mixt3.vendrell@xij.gencat.cat<\/a><\/td>\n<\/tr>\n<tr>\n<td width=\"142\">977 92 42 40<\/td>\n<td width=\"214\">El Vendrell 43700<\/td>\n<\/tr>\n<tr>\n<td rowspan=\"2\" width=\"226\">Jutjat de Primera Inst\u00e0ncia i Instrucci\u00f3 n\u00fam. 4<\/td>\n<td width=\"142\">977 92 42 04<\/td>\n<td width=\"214\">C\/ Francesc Riera, 13<\/td>\n<td rowspan=\"2\" width=\"293\"><a href=\"mailto:mixt4.vendrell@xij.gencat.cat\">mixt4.vendrell@xij.gencat.cat<\/a><\/td>\n<\/tr>\n<tr>\n<td width=\"142\">977 92 42 40<\/td>\n<td width=\"214\">El Vendrell 43700<\/td>\n<\/tr>\n<tr>\n<td rowspan=\"2\" width=\"226\">Jutjat de Primera Inst\u00e0ncia i Instrucci\u00f3 n\u00fam. 5<\/td>\n<td width=\"142\">977 92 42 05<\/td>\n<td width=\"214\">C\/ Francesc Riera, 13<\/td>\n<td rowspan=\"2\" width=\"293\"><a href=\"mailto:mixt5.vendrell@xij.gencat.cat\">mixt5.vendrell@xij.gencat.cat<\/a><\/td>\n<\/tr>\n<tr>\n<td width=\"142\">977 92 42 40<\/td>\n<td width=\"214\">El Vendrell 43700<\/td>\n<\/tr>\n<tr>\n<td rowspan=\"2\" width=\"226\">Jutjat de Primera Inst\u00e0ncia i Instrucci\u00f3 n\u00fam. 6<\/td>\n<td width=\"142\">977 92 42 06<\/td>\n<td width=\"214\">C\/ Francesc Riera, 13<\/td>\n<td rowspan=\"2\" width=\"293\"><a href=\"mailto:mixt6.vendrell@xij.gencat.cat\">mixt6.vendrell@xij.gencat.cat<\/a><\/td>\n<\/tr>\n<tr>\n<td width=\"142\">977 92 42 40<\/td>\n<td width=\"214\">El Vendrell 43700<\/td>\n<\/tr>\n<tr>\n<td rowspan=\"2\" width=\"226\">Jutjat de Primera Inst\u00e0ncia i Instrucci\u00f3 n\u00fam. 7<\/td>\n<td width=\"142\">977 92 42 07<\/td>\n<td width=\"214\">C\/ Francesc Riera, 13<\/td>\n<td rowspan=\"2\" width=\"293\"><a href=\"mailto:mixt7.vendrell@xij.gencat.cat\">mixt7.vendrell@xij.gencat.cat<\/a><\/td>\n<\/tr>\n<tr>\n<td width=\"142\">977 92 42 40<\/td>\n<td width=\"214\">El Vendrell 43700<\/td>\n<\/tr>\n<tr>\n<td rowspan=\"2\" width=\"226\">Jutjat de Primera Inst\u00e0ncia i Instrucci\u00f3 n\u00fam. 8<\/td>\n<td width=\"142\">977 92 42 08<\/td>\n<td width=\"214\">C\/ Francesc Riera, 13<\/td>\n<td rowspan=\"2\" width=\"293\"><a href=\"mailto:mixt8.vendrell@xij.gencat.cat\">mixt8.vendrell@xij.gencat.cat<\/a><\/td>\n<\/tr>\n<tr>\n<td width=\"142\">977 92 42 40<\/td>\n<td width=\"214\">El Vendrell 43700<\/td>\n<\/tr>\n<tr>\n<td rowspan=\"2\" width=\"226\">Jutjat de Primera Inst\u00e0ncia i Instrucci\u00f3 n\u00fam. 9<\/td>\n<td width=\"142\">977 74 75 67<\/td>\n<td width=\"214\">C\/ Francesc Riera, 13<\/td>\n<td rowspan=\"2\" width=\"293\"><a href=\"mailto:mixt9.vendrell@xij.gencat.cat\">mixt9.vendrell@xij.gencat.cat<\/a><\/td>\n<\/tr>\n<tr>\n<td width=\"142\">977 74 89 09<\/td>\n<td width=\"214\">El Vendrell 43700<\/td>\n<\/tr>\n<tr>\n<td rowspan=\"2\" width=\"226\">Jutjat de Viol\u00e8ncia sobre la Dona n\u00fam. 1<\/td>\n<td width=\"142\">977 92 49 00<\/td>\n<td width=\"214\">C\/ Francesc Riera, 13<\/td>\n<td rowspan=\"2\" width=\"293\"><a href=\"mailto:vido1.vendrell@xij.gencat.cat\">vido1.vendrell@xij.gencat.cat<\/a><\/td>\n<\/tr>\n<tr>\n<td width=\"142\">977 92 42 40<\/td>\n<td width=\"214\">El Vendrell 43700<\/td>\n<\/tr>\n<tr>\n<td rowspan=\"2\" width=\"226\">Fiscalia. Secci\u00f3 Territorial<\/td>\n<td width=\"142\">977 92 42 58<\/td>\n<td width=\"214\">C\/ Francesc Riera, 13<\/td>\n<td rowspan=\"2\" width=\"293\"><a href=\"mailto:fiscalia.territorial.elvendrell@xij.gencat.cat\">fiscalia.territorial.elvendrell@xij.gencat.cat<\/a><\/td>\n<\/tr>\n<tr>\n<td width=\"142\"><\/td>\n<td width=\"214\">El Vendrell 43700<\/td>\n<\/tr>\n<tr>\n<td rowspan=\"2\" width=\"226\">Servei Com\u00fa Processal General<\/td>\n<td width=\"142\">977 92 42 19<\/td>\n<td width=\"214\">C\/ Francesc Riera, 13<\/td>\n<td rowspan=\"2\" width=\"293\"><a href=\"mailto:scpg.elvendrell@xij.gencat.cat\">scpg.elvendrell@xij.gencat.cat<\/a><\/td>\n<\/tr>\n<tr>\n<td width=\"142\"><\/td>\n<td width=\"214\">El Vendrell 43700<\/td>\n<\/tr>\n<tr>\n<td rowspan=\"2\" width=\"226\">Servei Com\u00fa Processal d&#8217;Execuci\u00f3<\/td>\n<td width=\"142\">977 92 42 55<\/td>\n<td width=\"214\">C\/ Francesc Riera, 13<\/td>\n<td rowspan=\"2\" width=\"293\"><a href=\"mailto:scpe.elvendrell@xij.gencat.cat\">scpe.elvendrell@xij.gencat.cat<\/a><\/td>\n<\/tr>\n<tr>\n<td width=\"142\"><\/td>\n<td width=\"214\">El Vendrell 43700<\/td>\n<\/tr>\n<tr>\n<td rowspan=\"2\" width=\"226\">Oficina de Registre Civil<\/td>\n<td width=\"142\">977 92 42 21<\/td>\n<td width=\"214\">C\/ Francesc Riera, 13<\/td>\n<td rowspan=\"2\" width=\"293\"><a href=\"mailto:registre.civil.vendrell@xij.gencat.cat\">registre.civil.vendrell@xij.gencat.cat<\/a><\/td>\n<\/tr>\n<tr>\n<td width=\"142\"><\/td>\n<td width=\"214\">El Vendrell 43700<\/td>\n<\/tr>\n<tr>\n<td rowspan=\"2\" width=\"226\">Oficina d&#8217;Atenci\u00f3 al Ciutad\u00e0<\/td>\n<td width=\"142\">977 92 42 00<\/td>\n<td width=\"214\">C\/ Francesc Riera, 13<\/td>\n<td rowspan=\"2\" width=\"293\"><a href=\"mailto:oac.elvendrell@xij.gencat.cat\">oac.elvendrell@xij.gencat.cat<\/a><\/td>\n<\/tr>\n<tr>\n<td width=\"142\"><\/td>\n<td width=\"214\">El Vendrell 43700<\/td>\n<\/tr>\n<\/tbody>\n<\/table>\n<\/div><\/section>\n\n<style type=\"text\/css\" data-created_by=\"avia_inline_auto\" id=\"style-css-av-14kxg-3c7286b657e53abe677e5e524a162175\">\n#top .av-special-heading.av-14kxg-3c7286b657e53abe677e5e524a162175{\npadding-bottom:10px;\n}\nbody .av-special-heading.av-14kxg-3c7286b657e53abe677e5e524a162175 .av-special-heading-tag .heading-char{\nfont-size:25px;\n}\n.av-special-heading.av-14kxg-3c7286b657e53abe677e5e524a162175 .av-subheading{\nfont-size:15px;\n}\n<\/style>\n<div  class='av-special-heading av-14kxg-3c7286b657e53abe677e5e524a162175 av-special-heading-h2 blockquote modern-quote modern-centered  avia-builder-el-7  el_after_av_textblock  el_before_av_textblock '><h2 class='av-special-heading-tag'  itemprop=\"headline\"  >VALLS<\/h2><div class=\"special-heading-border\"><div class=\"special-heading-inner-border\"><\/div><\/div><\/div>\n<section  class='av_textblock_section av-lchnofjo-17b0aa7b0c98c2f0b943eab814e896b9'  itemscope=\"itemscope\" itemtype=\"https:\/\/schema.org\/CreativeWork\" ><div class='avia_textblock'  itemprop=\"text\" ><table width=\"875\">\n<tbody>\n<tr>\n<td width=\"226\"><strong>\u00d2RGAN JUDICIAL<\/strong><\/td>\n<td width=\"142\"><strong>TEL\u00c8FON I FAX<\/strong><\/td>\n<td width=\"214\"><strong>ADRE\u00c7A<\/strong><\/td>\n<td width=\"293\"><strong>EMAIL<\/strong><\/td>\n<\/tr>\n<tr>\n<td rowspan=\"2\" width=\"226\">Jutjat de Primera Inst\u00e0ncia i Instrucci\u00f3 n\u00fam. 1<\/td>\n<td width=\"142\">977 60 81 01<\/td>\n<td width=\"214\">Carretera del Pla, 35<\/td>\n<td rowspan=\"2\" width=\"293\"><a href=\"mailto:mixt1.valls@xij.gencat.cat\">mixt1.valls@xij.gencat.cat<\/a><\/td>\n<\/tr>\n<tr>\n<td width=\"142\">977 60 93 22<\/td>\n<td width=\"214\">Valls 43800<\/td>\n<\/tr>\n<tr>\n<td rowspan=\"2\" width=\"226\">Jutjat de Primera Inst\u00e0ncia i Instrucci\u00f3 n\u00fam. 2<\/td>\n<td width=\"142\">977 60 81 02<\/td>\n<td width=\"214\">Carretera del Pla, 35<\/td>\n<td rowspan=\"2\" width=\"293\"><a href=\"mailto:mixt2.valls@xij.gencat.cat\">mixt2.valls@xij.gencat.cat<\/a><\/td>\n<\/tr>\n<tr>\n<td width=\"142\">977 60 93 22<\/td>\n<td width=\"214\">Valls 43800<\/td>\n<\/tr>\n<tr>\n<td rowspan=\"2\" width=\"226\">Jutjat de Primera Inst\u00e0ncia i Instrucci\u00f3 n\u00fam. 3<\/td>\n<td width=\"142\">977 92 02 83<\/td>\n<td width=\"214\">Carretera del Pla, 35<\/td>\n<td rowspan=\"2\" width=\"293\"><a href=\"mailto:mixt3.valls@xij.gencat.cat\">mixt3.valls@xij.gencat.cat<\/a><\/td>\n<\/tr>\n<tr>\n<td width=\"142\">977 60 93 22<\/td>\n<td width=\"214\">Valls 43800<\/td>\n<\/tr>\n<\/tbody>\n<\/table>\n<\/div><\/section>\n","protected":false},"excerpt":{"rendered":"","protected":false},"author":1,"featured_media":0,"parent":0,"menu_order":0,"comment_status":"closed","ping_status":"closed","template":"","meta":{"footnotes":""},"class_list":["post-64","page","type-page","status-publish","hentry"],"yoast_head":"<!-- This site is optimized with the Yoast SEO plugin v27.5 - https:\/\/yoast.com\/product\/yoast-seo-wordpress\/ -->\n<title>\u00d3rganos judiciales - Elisabet Carrera<\/title>\n<meta name=\"robots\" content=\"index, follow, max-snippet:-1, max-image-preview:large, max-video-preview:-1\" \/>\n<link rel=\"canonical\" href=\"https:\/\/elisabetcarrera.com\/index.php\/organos-judiciales\/\" \/>\n<meta property=\"og:locale\" content=\"es_ES\" \/>\n<meta property=\"og:type\" content=\"article\" \/>\n<meta property=\"og:title\" content=\"\u00d3rganos judiciales - Elisabet Carrera\" \/>\n<meta property=\"og:url\" content=\"https:\/\/elisabetcarrera.com\/index.php\/organos-judiciales\/\" \/>\n<meta property=\"og:site_name\" content=\"Elisabet Carrera\" \/>\n<meta property=\"article:modified_time\" content=\"2023-01-04T12:54:03+00:00\" \/>\n<meta name=\"twitter:card\" content=\"summary_large_image\" \/>\n<meta name=\"twitter:label1\" content=\"Tiempo de lectura\" \/>\n\t<meta name=\"twitter:data1\" content=\"6 minutos\" \/>\n<script type=\"application\/ld+json\" class=\"yoast-schema-graph\">{\"@context\":\"https:\\\/\\\/schema.org\",\"@graph\":[{\"@type\":\"WebPage\",\"@id\":\"https:\\\/\\\/elisabetcarrera.com\\\/index.php\\\/organos-judiciales\\\/\",\"url\":\"https:\\\/\\\/elisabetcarrera.com\\\/index.php\\\/organos-judiciales\\\/\",\"name\":\"\u00d3rganos judiciales - Elisabet Carrera\",\"isPartOf\":{\"@id\":\"https:\\\/\\\/elisabetcarrera.com\\\/#website\"},\"datePublished\":\"2023-01-04T12:38:03+00:00\",\"dateModified\":\"2023-01-04T12:54:03+00:00\",\"breadcrumb\":{\"@id\":\"https:\\\/\\\/elisabetcarrera.com\\\/index.php\\\/organos-judiciales\\\/#breadcrumb\"},\"inLanguage\":\"es\",\"potentialAction\":[{\"@type\":\"ReadAction\",\"target\":[\"https:\\\/\\\/elisabetcarrera.com\\\/index.php\\\/organos-judiciales\\\/\"]}]},{\"@type\":\"BreadcrumbList\",\"@id\":\"https:\\\/\\\/elisabetcarrera.com\\\/index.php\\\/organos-judiciales\\\/#breadcrumb\",\"itemListElement\":[{\"@type\":\"ListItem\",\"position\":1,\"name\":\"Portada\",\"item\":\"https:\\\/\\\/elisabetcarrera.com\\\/index.php\\\/elisabet-carrera-procuradora\\\/\"},{\"@type\":\"ListItem\",\"position\":2,\"name\":\"\u00d3rganos judiciales\"}]},{\"@type\":\"WebSite\",\"@id\":\"https:\\\/\\\/elisabetcarrera.com\\\/#website\",\"url\":\"https:\\\/\\\/elisabetcarrera.com\\\/\",\"name\":\"Elisabet Carrera\",\"description\":\"Just another WordPress site\",\"potentialAction\":[{\"@type\":\"SearchAction\",\"target\":{\"@type\":\"EntryPoint\",\"urlTemplate\":\"https:\\\/\\\/elisabetcarrera.com\\\/?s={search_term_string}\"},\"query-input\":{\"@type\":\"PropertyValueSpecification\",\"valueRequired\":true,\"valueName\":\"search_term_string\"}}],\"inLanguage\":\"es\"}]}<\/script>\n<!-- \/ Yoast SEO plugin. -->","yoast_head_json":{"title":"\u00d3rganos judiciales - Elisabet Carrera","robots":{"index":"index","follow":"follow","max-snippet":"max-snippet:-1","max-image-preview":"max-image-preview:large","max-video-preview":"max-video-preview:-1"},"canonical":"https:\/\/elisabetcarrera.com\/index.php\/organos-judiciales\/","og_locale":"es_ES","og_type":"article","og_title":"\u00d3rganos judiciales - Elisabet Carrera","og_url":"https:\/\/elisabetcarrera.com\/index.php\/organos-judiciales\/","og_site_name":"Elisabet Carrera","article_modified_time":"2023-01-04T12:54:03+00:00","twitter_card":"summary_large_image","twitter_misc":{"Tiempo de lectura":"6 minutos"},"schema":{"@context":"https:\/\/schema.org","@graph":[{"@type":"WebPage","@id":"https:\/\/elisabetcarrera.com\/index.php\/organos-judiciales\/","url":"https:\/\/elisabetcarrera.com\/index.php\/organos-judiciales\/","name":"\u00d3rganos judiciales - Elisabet Carrera","isPartOf":{"@id":"https:\/\/elisabetcarrera.com\/#website"},"datePublished":"2023-01-04T12:38:03+00:00","dateModified":"2023-01-04T12:54:03+00:00","breadcrumb":{"@id":"https:\/\/elisabetcarrera.com\/index.php\/organos-judiciales\/#breadcrumb"},"inLanguage":"es","potentialAction":[{"@type":"ReadAction","target":["https:\/\/elisabetcarrera.com\/index.php\/organos-judiciales\/"]}]},{"@type":"BreadcrumbList","@id":"https:\/\/elisabetcarrera.com\/index.php\/organos-judiciales\/#breadcrumb","itemListElement":[{"@type":"ListItem","position":1,"name":"Portada","item":"https:\/\/elisabetcarrera.com\/index.php\/elisabet-carrera-procuradora\/"},{"@type":"ListItem","position":2,"name":"\u00d3rganos judiciales"}]},{"@type":"WebSite","@id":"https:\/\/elisabetcarrera.com\/#website","url":"https:\/\/elisabetcarrera.com\/","name":"Elisabet Carrera","description":"Just another WordPress site","potentialAction":[{"@type":"SearchAction","target":{"@type":"EntryPoint","urlTemplate":"https:\/\/elisabetcarrera.com\/?s={search_term_string}"},"query-input":{"@type":"PropertyValueSpecification","valueRequired":true,"valueName":"search_term_string"}}],"inLanguage":"es"}]}},"_links":{"self":[{"href":"https:\/\/elisabetcarrera.com\/index.php\/wp-json\/wp\/v2\/pages\/64","targetHints":{"allow":["GET"]}}],"collection":[{"href":"https:\/\/elisabetcarrera.com\/index.php\/wp-json\/wp\/v2\/pages"}],"about":[{"href":"https:\/\/elisabetcarrera.com\/index.php\/wp-json\/wp\/v2\/types\/page"}],"author":[{"embeddable":true,"href":"https:\/\/elisabetcarrera.com\/index.php\/wp-json\/wp\/v2\/users\/1"}],"replies":[{"embeddable":true,"href":"https:\/\/elisabetcarrera.com\/index.php\/wp-json\/wp\/v2\/comments?post=64"}],"version-history":[{"count":8,"href":"https:\/\/elisabetcarrera.com\/index.php\/wp-json\/wp\/v2\/pages\/64\/revisions"}],"predecessor-version":[{"id":66,"href":"https:\/\/elisabetcarrera.com\/index.php\/wp-json\/wp\/v2\/pages\/64\/revisions\/66"}],"wp:attachment":[{"href":"https:\/\/elisabetcarrera.com\/index.php\/wp-json\/wp\/v2\/media?parent=64"}],"curies":[{"name":"wp","href":"https:\/\/api.w.org\/{rel}","templated":true}]}}