{"id":2,"date":"2022-01-28T11:43:43","date_gmt":"2022-01-28T11:43:43","guid":{"rendered":"https:\/\/elisabetcarrera.com\/?page_id=2"},"modified":"2023-04-04T07:10:08","modified_gmt":"2023-04-04T07:10:08","slug":"elisabet-carrera-procuradora","status":"publish","type":"page","link":"https:\/\/elisabetcarrera.com\/","title":{"rendered":"Procuradora de Tarragona, Reus, el Vendrell y Valls"},"content":{"rendered":"<div   class='avia-fullscreen-slider main_color av-small-hide av-mini-hide  avia-builder-el-0  el_before_av_fullscreen  avia-builder-el-first  container_wrap sidebar_right'  >\n<style type=\"text\/css\" data-created_by=\"avia_inline_auto\" id=\"style-css-av-lchk00jp-5398df9a03f036eb37d7bcce1f40c3d7\">\n#top #wrap_all .avia-slideshow .av-slideshow-caption.av-lchk00jp-5398df9a03f036eb37d7bcce1f40c3d7__0 .avia-caption-title{\nfont-size:25px;\n}\n#top .avia-slideshow .av-slideshow-caption.av-lchk00jp-5398df9a03f036eb37d7bcce1f40c3d7__0 .avia-caption-content{\nfont-size:16px;\n}\n#top .avia-slideshow .av-slideshow-caption.av-lchk00jp-5398df9a03f036eb37d7bcce1f40c3d7__0 .avia-caption-content p{\nfont-size:16px;\n}\n<\/style>\n<div  class='avia-slideshow av-lchk00jp-5398df9a03f036eb37d7bcce1f40c3d7 avia-slideshow-no scaling av_fullscreen avia-slide-slider av-small-hide av-mini-hide av-slideshow-ui av-control-default av-slideshow-manual av-loop-once av-loop-manual-endless av-default-height-applied   avia-slideshow-1' data-slideshow-options=\"{&quot;animation&quot;:&quot;slide&quot;,&quot;autoplay&quot;:false,&quot;loop_autoplay&quot;:&quot;once&quot;,&quot;interval&quot;:5,&quot;loop_manual&quot;:&quot;manual-endless&quot;,&quot;autoplay_stopper&quot;:false,&quot;noNavigation&quot;:false,&quot;bg_slider&quot;:true,&quot;keep_padding&quot;:false,&quot;hoverpause&quot;:false,&quot;show_slide_delay&quot;:0,&quot;slide_height&quot;:&quot;100&quot;,&quot;image_attachment&quot;:&quot;&quot;}\"  itemprop=\"image\" itemscope=\"itemscope\" itemtype=\"https:\/\/schema.org\/ImageObject\" ><ul class='avia-slideshow-inner ' style='padding-bottom: 66.666666666667%;'><li style='background-position:center left;' data-img-url='https:\/\/elisabetcarrera.com\/wp-content\/uploads\/2023\/04\/elisabet-carrera-procuradora-1.jpg' class='avia-slideshow-slide av-lchk00jp-5398df9a03f036eb37d7bcce1f40c3d7__0  av-single-slide slide-1 slide-odd'><div data-rel='slideshow-1' class='avia-slide-wrap '   ><div class='av-slideshow-caption av-lchk00jp-5398df9a03f036eb37d7bcce1f40c3d7__0 caption_fullwidth caption_left caption_left_framed caption_framed'><div class=\"container caption_container\"><div class=\"slideshow_caption\"><div class=\"slideshow_inner_caption\"><div class=\"slideshow_align_caption\"><h2 class='avia-caption-title '  itemprop=\"name\" >ELISABET CARRERA PORTUSACH<\/h2><div class='avia-caption-content '  itemprop=\"description\" ><p>Partidos judiciales: Tarragona, Reus, el Vendrell y Valls<\/p>\n<\/div><a href=''  class='avia-slideshow-button avia-button avia-color-theme-color ' data-duration='800' data-easing='easeInOutQuad'>Cont\u00e1ctanos<\/a><\/div><\/div><\/div><\/div><\/div><\/div><\/li><\/ul><\/div><\/div>\n<div   class='avia-fullscreen-slider main_color av-desktop-hide av-medium-hide  avia-builder-el-1  el_after_av_fullscreen  el_before_av_button_big  slider-not-first container_wrap sidebar_right'  >\n<style type=\"text\/css\" data-created_by=\"avia_inline_auto\" id=\"style-css-av-lg1wn4ga-ea25719a9120ffa7b7ffda5d3e1ebea2\">\n#top #wrap_all .avia-slideshow .av-slideshow-caption.av-lg1wn4ga-ea25719a9120ffa7b7ffda5d3e1ebea2__0 .avia-caption-title{\nfont-size:21px;\n}\n#top .avia-slideshow .av-slideshow-caption.av-lg1wn4ga-ea25719a9120ffa7b7ffda5d3e1ebea2__0 .avia-caption-content{\nfont-size:14px;\n}\n#top .avia-slideshow .av-slideshow-caption.av-lg1wn4ga-ea25719a9120ffa7b7ffda5d3e1ebea2__0 .avia-caption-content p{\nfont-size:14px;\n}\n<\/style>\n<div  class='avia-slideshow av-lg1wn4ga-ea25719a9120ffa7b7ffda5d3e1ebea2 avia-slideshow-no scaling av_fullscreen avia-slide-slider av-desktop-hide av-medium-hide av-slideshow-ui av-control-default av-slideshow-manual av-loop-once av-loop-manual-endless av-default-height-applied   avia-slideshow-2' data-slideshow-options=\"{&quot;animation&quot;:&quot;slide&quot;,&quot;autoplay&quot;:false,&quot;loop_autoplay&quot;:&quot;once&quot;,&quot;interval&quot;:5,&quot;loop_manual&quot;:&quot;manual-endless&quot;,&quot;autoplay_stopper&quot;:false,&quot;noNavigation&quot;:false,&quot;bg_slider&quot;:true,&quot;keep_padding&quot;:false,&quot;hoverpause&quot;:false,&quot;show_slide_delay&quot;:0,&quot;slide_height&quot;:&quot;100&quot;,&quot;image_attachment&quot;:&quot;&quot;}\"  itemprop=\"image\" itemscope=\"itemscope\" itemtype=\"https:\/\/schema.org\/ImageObject\" ><ul class='avia-slideshow-inner ' style='padding-bottom: 177.77777777778%;'><li style='background-position:top center;' data-img-url='https:\/\/elisabetcarrera.com\/wp-content\/uploads\/2023\/04\/elisabet-carrera-procuradora-vertical-2.jpg' class='avia-slideshow-slide av-lg1wn4ga-ea25719a9120ffa7b7ffda5d3e1ebea2__0  av-single-slide slide-1 slide-odd'><div data-rel='slideshow-2' class='avia-slide-wrap '   ><div class='av-slideshow-caption av-lg1wn4ga-ea25719a9120ffa7b7ffda5d3e1ebea2__0 caption_fullwidth caption_bottom caption_bottom_framed caption_framed'><div class=\"container caption_container\"><div class=\"slideshow_caption\"><div class=\"slideshow_inner_caption\"><div class=\"slideshow_align_caption\"><h2 class='avia-caption-title '  itemprop=\"name\" >ELISABET CARRERA PORTUSACH<\/h2><div class='avia-caption-content '  itemprop=\"description\" ><p>Partidos judiciales: Tarragona, Reus, el Vendrell y Valls<\/p>\n<\/div><a href=''  class='avia-slideshow-button avia-button avia-color-theme-color ' data-duration='800' data-easing='easeInOutQuad'>Cont\u00e1ctanos<\/a><\/div><\/div><\/div><\/div><\/div><\/div><\/li><\/ul><\/div><\/div>\n<div  class='avia-button-wrap avia-button-center  avia-builder-el-2  el_after_av_fullscreen  el_before_av_one_full '>\n<style type=\"text\/css\" data-created_by=\"avia_inline_auto\" id=\"style-css-av-3s1u-95e794ec5c0037db28cc31318b25e70c\">\n#top #wrap_all .avia-button.av-3s1u-95e794ec5c0037db28cc31318b25e70c:hover{\ncolor:white;\n-webkit-transition:all 0.4s ease-in-out;\n-moz-transition:all 0.4s ease-in-out;\n-ms-transition:all 0.4s ease-in-out;\n-o-transition:all 0.4s ease-in-out;\ntransition:all 0.4s ease-in-out;\n}\n<\/style>\n<a href='' class='avia-color-theme-color avia-font-color-theme-color avia-button avia-button-fullwidth av-3s1u-95e794ec5c0037db28cc31318b25e70c avia-icon_select-no avia-color-theme-color'  ><span class='avia_iconbox_title' >PARTIDOS JUDICIALES: TARRAGONA, REUS, EL VENDRELL Y VALLS<\/span><span class='avia_button_background avia-button avia-button-fullwidth avia-color-theme-color-highlight'><\/span><\/a><\/div>\n<div class='flex_column av-2tf6-748855b4f9b5bffb4d9260944fd92555 av_one_full  avia-builder-el-3  el_after_av_button_big  el_before_av_fullscreen  avia-builder-el-no-sibling  first flex_column_div '     ><p>\n<style type=\"text\/css\" data-created_by=\"avia_inline_auto\" id=\"style-css-av-lchkzgvj-6334174be11af57dd7ad19b6894b68c0\">\n#top .av-special-heading.av-lchkzgvj-6334174be11af57dd7ad19b6894b68c0{\npadding-bottom:10px;\n}\nbody .av-special-heading.av-lchkzgvj-6334174be11af57dd7ad19b6894b68c0 .av-special-heading-tag .heading-char{\nfont-size:25px;\n}\n.av-special-heading.av-lchkzgvj-6334174be11af57dd7ad19b6894b68c0 .av-subheading{\nfont-size:15px;\n}\n<\/style>\n<div  class='av-special-heading av-lchkzgvj-6334174be11af57dd7ad19b6894b68c0 av-special-heading-h3  avia-builder-el-4  el_before_av_textblock  avia-builder-el-first '><h3 class='av-special-heading-tag'  itemprop=\"headline\"  >Bienvenidos al despacho Carrera<\/h3><div class=\"special-heading-border\"><div class=\"special-heading-inner-border\"><\/div><\/div><\/div><br \/>\n\n<style type=\"text\/css\" data-created_by=\"avia_inline_auto\" id=\"style-css-av-lchkzt9e-1a7e96e0d7279355bf3443342a9b835d\">\n#top .av_textblock_section.av-lchkzt9e-1a7e96e0d7279355bf3443342a9b835d .avia_textblock{\nfont-size:18px;\n}\n<\/style>\n<section  class='av_textblock_section av-lchkzt9e-1a7e96e0d7279355bf3443342a9b835d'  itemscope=\"itemscope\" itemtype=\"https:\/\/schema.org\/CreativeWork\" ><div class='avia_textblock'  itemprop=\"text\" ><p>CARRERA Procuradora ejerce su actividad desde 1999 y, en la actualidad, act\u00faa en los partidos judiciales de Tarragona, Reus, El Vendrell y Valls.<\/p>\n<p>Desde 1999, la firma apuesta por hacer de los litigios un procedimiento din\u00e1mico y eficaz.<\/p>\n<p>Con la desterritorializaci\u00f3n de la profesi\u00f3n, no hemos querido perder la cercan\u00eda y la primera persona en el trato de asuntos que debe caracterizar a un Procurador, y por eso nos circunscribimos al ejercicio en cuatro partidos judiciales.<\/p>\n<p>Tambi\u00e9n es nuestra intenci\u00f3n la atenci\u00f3n personalizada y directa al letrado y al cliente.<\/p>\n<p>A fin de ofrecer siempre el mejor servicio, hemos incorporado mejoras tecnol\u00f3gicas e inform\u00e1ticas.<\/p>\n<\/div><\/section><\/p><\/div>\n<\/div><\/div><\/div><!-- close content main div --><\/div><\/div><div   class='avia-fullscreen-slider main_color   avia-builder-el-6  el_after_av_one_full  el_before_av_one_full  slider-not-first container_wrap sidebar_right'  ><div  class='avia-slideshow av-lchln88g-019fa1fee0fbab3969031db324dfb1d9 avia-slideshow-extra_large av_fullscreen avia-slide-slider av-slideshow-ui av-control-default av-slideshow-manual av-loop-once av-loop-manual-endless av-default-height-applied   avia-slideshow-3' data-slideshow-options=\"{&quot;animation&quot;:&quot;slide&quot;,&quot;autoplay&quot;:false,&quot;loop_autoplay&quot;:&quot;once&quot;,&quot;interval&quot;:5,&quot;loop_manual&quot;:&quot;manual-endless&quot;,&quot;autoplay_stopper&quot;:false,&quot;noNavigation&quot;:false,&quot;bg_slider&quot;:true,&quot;keep_padding&quot;:false,&quot;hoverpause&quot;:false,&quot;show_slide_delay&quot;:0,&quot;slide_height&quot;:&quot;100&quot;,&quot;image_attachment&quot;:&quot;&quot;}\"  itemprop=\"image\" itemscope=\"itemscope\" itemtype=\"https:\/\/schema.org\/ImageObject\" ><ul class='avia-slideshow-inner ' style='padding-bottom: 66.733333333333%;'><li style='background-position:center center;' data-img-url='https:\/\/elisabetcarrera.com\/wp-content\/uploads\/2023\/01\/balanzas-1500x1001.jpg' class='avia-slideshow-slide av-lchln88g-019fa1fee0fbab3969031db324dfb1d9__0  av-single-slide slide-1 slide-odd'><div data-rel='slideshow-3' class='avia-slide-wrap '   ><\/div><\/li><\/ul><\/div><\/div><div id='after_full_slider_3'  class='main_color av_default_container_wrap container_wrap sidebar_right'  ><div class='container av-section-cont-open' ><div class='template-page content  av-content-small alpha units'><div class='post-entry post-entry-type-page post-entry-2'><div class='entry-content-wrapper clearfix'>\n<div class='flex_column av-3ri4-9c3a8d110e2c670f985bf1f6efeae14d av_one_full  avia-builder-el-7  el_after_av_fullscreen  el_before_av_fullscreen  avia-builder-el-no-sibling  first flex_column_div '     ><p>\n<style type=\"text\/css\" data-created_by=\"avia_inline_auto\" id=\"style-css-av-lchlojtc-736747d3cee29800f79c9d212013361f\">\n#top .av-special-heading.av-lchlojtc-736747d3cee29800f79c9d212013361f{\npadding-bottom:10px;\n}\nbody .av-special-heading.av-lchlojtc-736747d3cee29800f79c9d212013361f .av-special-heading-tag .heading-char{\nfont-size:25px;\n}\n.av-special-heading.av-lchlojtc-736747d3cee29800f79c9d212013361f .av-subheading{\nfont-size:15px;\n}\n<\/style>\n<div  class='av-special-heading av-lchlojtc-736747d3cee29800f79c9d212013361f av-special-heading-h3 blockquote modern-quote  avia-builder-el-8  el_before_av_textblock  avia-builder-el-first '><h3 class='av-special-heading-tag'  itemprop=\"headline\"  >EL PROCURADOR DE LOS TRIBUNALES<\/h3><div class=\"special-heading-border\"><div class=\"special-heading-inner-border\"><\/div><\/div><\/div><br \/>\n\n<style type=\"text\/css\" data-created_by=\"avia_inline_auto\" id=\"style-css-av-lchlormj-0905fbe2a2912acd3dba2389533f6b07\">\n#top .av_textblock_section.av-lchlormj-0905fbe2a2912acd3dba2389533f6b07 .avia_textblock{\nfont-size:18px;\n}\n<\/style>\n<section  class='av_textblock_section av-lchlormj-0905fbe2a2912acd3dba2389533f6b07'  itemscope=\"itemscope\" itemtype=\"https:\/\/schema.org\/CreativeWork\" ><div class='avia_textblock'  itemprop=\"text\" ><p>El Procurador de los Tribunales es un profesional, licenciado en Derecho, especializado en el procedimiento judicial. El procurador ostenta la representaci\u00f3n de los particulares y empresas que se ven en la necesidad de acudir a los Tribunales. Tenemos la facultad de realizar tr\u00e1mites y funciones que agilizan el desarrollo del procedimiento judicial y garantizan al cliente la buena llevanza de su caso.<\/p>\n<\/div><\/section><\/p><\/div>\n<\/div><\/div><\/div><!-- close content main div --><\/div><\/div><div   class='avia-fullscreen-slider main_color   avia-builder-el-10  el_after_av_one_full  avia-builder-el-last  slider-not-first container_wrap sidebar_right'  ><div  class='avia-slideshow av-bvge-aacd6e1db8205a3eb16f5a59e50c8ffa avia-slideshow-large av_fullscreen avia-slide-slider av-slideshow-ui av-control-default av-slideshow-manual av-loop-once av-loop-manual-endless av-default-height-applied   avia-slideshow-4' data-slideshow-options=\"{&quot;animation&quot;:&quot;slide&quot;,&quot;autoplay&quot;:false,&quot;loop_autoplay&quot;:&quot;once&quot;,&quot;interval&quot;:5,&quot;loop_manual&quot;:&quot;manual-endless&quot;,&quot;autoplay_stopper&quot;:false,&quot;noNavigation&quot;:false,&quot;bg_slider&quot;:true,&quot;keep_padding&quot;:false,&quot;hoverpause&quot;:false,&quot;show_slide_delay&quot;:0,&quot;slide_height&quot;:&quot;100&quot;,&quot;image_attachment&quot;:&quot;&quot;}\"  itemprop=\"image\" itemscope=\"itemscope\" itemtype=\"https:\/\/schema.org\/ImageObject\" ><ul class='avia-slideshow-inner ' style='padding-bottom: 71.484375%;'><li style='background-position:center center;' data-img-url='https:\/\/elisabetcarrera.com\/wp-content\/uploads\/2023\/01\/contactanos-1024x732.jpg' class='avia-slideshow-slide av-bvge-aacd6e1db8205a3eb16f5a59e50c8ffa__0  av-single-slide slide-1 slide-odd'><div data-rel='slideshow-4' class='avia-slide-wrap '   ><div class='av-slideshow-caption av-bvge-aacd6e1db8205a3eb16f5a59e50c8ffa__0 caption_fullwidth caption_center caption_center_framed caption_framed'><div class=\"container caption_container\"><div class=\"slideshow_caption\"><div class=\"slideshow_inner_caption\"><div class=\"slideshow_align_caption\"><h2 class='avia-caption-title '  itemprop=\"name\" >CONT\u00c1CTANOS<\/h2><br\/><a href=''  class='avia-slideshow-button avia-button avia-color-light ' data-duration='800' data-easing='easeInOutQuad'>Solicitar presupuesto<\/a><\/div><\/div><\/div><\/div><\/div><\/div><\/li><\/ul><\/div><\/div>\n","protected":false},"excerpt":{"rendered":"","protected":false},"author":1,"featured_media":12,"parent":0,"menu_order":0,"comment_status":"closed","ping_status":"closed","template":"","meta":{"footnotes":""},"class_list":["post-2","page","type-page","status-publish","has-post-thumbnail","hentry"],"yoast_head":"<!-- This site is optimized with the Yoast SEO plugin v27.5 - https:\/\/yoast.com\/product\/yoast-seo-wordpress\/ -->\n<title>Procuradora de Tarragona, Reus, el Vendrell y Valls - Elisabet Carrera<\/title>\n<meta name=\"description\" content=\"CARRERA Procuradora ejerce su actividad desde 1999 y, en la actualidad, act\u00faa en los partidos judiciales de Tarragona, Reus, El Vendrell y Valls.\" \/>\n<meta name=\"robots\" content=\"index, follow, max-snippet:-1, max-image-preview:large, max-video-preview:-1\" \/>\n<link rel=\"canonical\" href=\"https:\/\/elisabetcarrera.com\/index.php\/elisabet-carrera-procuradora\/\" \/>\n<meta property=\"og:locale\" content=\"es_ES\" \/>\n<meta property=\"og:type\" content=\"article\" \/>\n<meta property=\"og:title\" content=\"Procuradora de Tarragona, Reus, el Vendrell y Valls - Elisabet Carrera\" \/>\n<meta property=\"og:description\" content=\"CARRERA Procuradora ejerce su actividad desde 1999 y, en la actualidad, act\u00faa en los partidos judiciales de Tarragona, Reus, El Vendrell y Valls.\" \/>\n<meta property=\"og:url\" content=\"https:\/\/elisabetcarrera.com\/index.php\/elisabet-carrera-procuradora\/\" \/>\n<meta property=\"og:site_name\" content=\"Elisabet Carrera\" \/>\n<meta property=\"article:modified_time\" content=\"2023-04-04T07:10:08+00:00\" \/>\n<meta property=\"og:image\" content=\"https:\/\/elisabetcarrera.com\/wp-content\/uploads\/2023\/01\/Logo-Elisabet-PNG-e1672824703240.png\" \/>\n\t<meta property=\"og:image:width\" content=\"631\" \/>\n\t<meta property=\"og:image:height\" content=\"434\" \/>\n\t<meta property=\"og:image:type\" content=\"image\/png\" \/>\n<meta name=\"twitter:card\" content=\"summary_large_image\" \/>\n<meta name=\"twitter:label1\" content=\"Tiempo de lectura\" \/>\n\t<meta name=\"twitter:data1\" content=\"4 minutos\" \/>\n<script type=\"application\/ld+json\" class=\"yoast-schema-graph\">{\"@context\":\"https:\\\/\\\/schema.org\",\"@graph\":[{\"@type\":\"WebPage\",\"@id\":\"https:\\\/\\\/elisabetcarrera.com\\\/index.php\\\/elisabet-carrera-procuradora\\\/\",\"url\":\"https:\\\/\\\/elisabetcarrera.com\\\/index.php\\\/elisabet-carrera-procuradora\\\/\",\"name\":\"Procuradora de Tarragona, Reus, el Vendrell y Valls - Elisabet Carrera\",\"isPartOf\":{\"@id\":\"https:\\\/\\\/elisabetcarrera.com\\\/#website\"},\"primaryImageOfPage\":{\"@id\":\"https:\\\/\\\/elisabetcarrera.com\\\/index.php\\\/elisabet-carrera-procuradora\\\/#primaryimage\"},\"image\":{\"@id\":\"https:\\\/\\\/elisabetcarrera.com\\\/index.php\\\/elisabet-carrera-procuradora\\\/#primaryimage\"},\"thumbnailUrl\":\"https:\\\/\\\/elisabetcarrera.com\\\/wp-content\\\/uploads\\\/2023\\\/01\\\/Logo-Elisabet-PNG-e1672824703240.png\",\"datePublished\":\"2022-01-28T11:43:43+00:00\",\"dateModified\":\"2023-04-04T07:10:08+00:00\",\"description\":\"CARRERA Procuradora ejerce su actividad desde 1999 y, en la actualidad, act\u00faa en los partidos judiciales de Tarragona, Reus, El Vendrell y Valls.\",\"breadcrumb\":{\"@id\":\"https:\\\/\\\/elisabetcarrera.com\\\/index.php\\\/elisabet-carrera-procuradora\\\/#breadcrumb\"},\"inLanguage\":\"es\",\"potentialAction\":[{\"@type\":\"ReadAction\",\"target\":[\"https:\\\/\\\/elisabetcarrera.com\\\/index.php\\\/elisabet-carrera-procuradora\\\/\"]}]},{\"@type\":\"ImageObject\",\"inLanguage\":\"es\",\"@id\":\"https:\\\/\\\/elisabetcarrera.com\\\/index.php\\\/elisabet-carrera-procuradora\\\/#primaryimage\",\"url\":\"https:\\\/\\\/elisabetcarrera.com\\\/wp-content\\\/uploads\\\/2023\\\/01\\\/Logo-Elisabet-PNG-e1672824703240.png\",\"contentUrl\":\"https:\\\/\\\/elisabetcarrera.com\\\/wp-content\\\/uploads\\\/2023\\\/01\\\/Logo-Elisabet-PNG-e1672824703240.png\",\"width\":631,\"height\":434},{\"@type\":\"BreadcrumbList\",\"@id\":\"https:\\\/\\\/elisabetcarrera.com\\\/index.php\\\/elisabet-carrera-procuradora\\\/#breadcrumb\",\"itemListElement\":[{\"@type\":\"ListItem\",\"position\":1,\"name\":\"Portada\",\"item\":\"https:\\\/\\\/elisabetcarrera.com\\\/index.php\\\/elisabet-carrera-procuradora\\\/\"},{\"@type\":\"ListItem\",\"position\":2,\"name\":\"Procuradora de Tarragona, Reus, el Vendrell y Valls\"}]},{\"@type\":\"WebSite\",\"@id\":\"https:\\\/\\\/elisabetcarrera.com\\\/#website\",\"url\":\"https:\\\/\\\/elisabetcarrera.com\\\/\",\"name\":\"Elisabet Carrera\",\"description\":\"Just another WordPress site\",\"potentialAction\":[{\"@type\":\"SearchAction\",\"target\":{\"@type\":\"EntryPoint\",\"urlTemplate\":\"https:\\\/\\\/elisabetcarrera.com\\\/?s={search_term_string}\"},\"query-input\":{\"@type\":\"PropertyValueSpecification\",\"valueRequired\":true,\"valueName\":\"search_term_string\"}}],\"inLanguage\":\"es\"}]}<\/script>\n<!-- \/ Yoast SEO plugin. -->","yoast_head_json":{"title":"Procuradora de Tarragona, Reus, el Vendrell y Valls - Elisabet Carrera","description":"CARRERA Procuradora ejerce su actividad desde 1999 y, en la actualidad, act\u00faa en los partidos judiciales de Tarragona, Reus, El Vendrell y Valls.","robots":{"index":"index","follow":"follow","max-snippet":"max-snippet:-1","max-image-preview":"max-image-preview:large","max-video-preview":"max-video-preview:-1"},"canonical":"https:\/\/elisabetcarrera.com\/index.php\/elisabet-carrera-procuradora\/","og_locale":"es_ES","og_type":"article","og_title":"Procuradora de Tarragona, Reus, el Vendrell y Valls - Elisabet Carrera","og_description":"CARRERA Procuradora ejerce su actividad desde 1999 y, en la actualidad, act\u00faa en los partidos judiciales de Tarragona, Reus, El Vendrell y Valls.","og_url":"https:\/\/elisabetcarrera.com\/index.php\/elisabet-carrera-procuradora\/","og_site_name":"Elisabet Carrera","article_modified_time":"2023-04-04T07:10:08+00:00","og_image":[{"width":631,"height":434,"url":"https:\/\/elisabetcarrera.com\/wp-content\/uploads\/2023\/01\/Logo-Elisabet-PNG-e1672824703240.png","type":"image\/png"}],"twitter_card":"summary_large_image","twitter_misc":{"Tiempo de lectura":"4 minutos"},"schema":{"@context":"https:\/\/schema.org","@graph":[{"@type":"WebPage","@id":"https:\/\/elisabetcarrera.com\/index.php\/elisabet-carrera-procuradora\/","url":"https:\/\/elisabetcarrera.com\/index.php\/elisabet-carrera-procuradora\/","name":"Procuradora de Tarragona, Reus, el Vendrell y Valls - Elisabet Carrera","isPartOf":{"@id":"https:\/\/elisabetcarrera.com\/#website"},"primaryImageOfPage":{"@id":"https:\/\/elisabetcarrera.com\/index.php\/elisabet-carrera-procuradora\/#primaryimage"},"image":{"@id":"https:\/\/elisabetcarrera.com\/index.php\/elisabet-carrera-procuradora\/#primaryimage"},"thumbnailUrl":"https:\/\/elisabetcarrera.com\/wp-content\/uploads\/2023\/01\/Logo-Elisabet-PNG-e1672824703240.png","datePublished":"2022-01-28T11:43:43+00:00","dateModified":"2023-04-04T07:10:08+00:00","description":"CARRERA Procuradora ejerce su actividad desde 1999 y, en la actualidad, act\u00faa en los partidos judiciales de Tarragona, Reus, El Vendrell y Valls.","breadcrumb":{"@id":"https:\/\/elisabetcarrera.com\/index.php\/elisabet-carrera-procuradora\/#breadcrumb"},"inLanguage":"es","potentialAction":[{"@type":"ReadAction","target":["https:\/\/elisabetcarrera.com\/index.php\/elisabet-carrera-procuradora\/"]}]},{"@type":"ImageObject","inLanguage":"es","@id":"https:\/\/elisabetcarrera.com\/index.php\/elisabet-carrera-procuradora\/#primaryimage","url":"https:\/\/elisabetcarrera.com\/wp-content\/uploads\/2023\/01\/Logo-Elisabet-PNG-e1672824703240.png","contentUrl":"https:\/\/elisabetcarrera.com\/wp-content\/uploads\/2023\/01\/Logo-Elisabet-PNG-e1672824703240.png","width":631,"height":434},{"@type":"BreadcrumbList","@id":"https:\/\/elisabetcarrera.com\/index.php\/elisabet-carrera-procuradora\/#breadcrumb","itemListElement":[{"@type":"ListItem","position":1,"name":"Portada","item":"https:\/\/elisabetcarrera.com\/index.php\/elisabet-carrera-procuradora\/"},{"@type":"ListItem","position":2,"name":"Procuradora de Tarragona, Reus, el Vendrell y Valls"}]},{"@type":"WebSite","@id":"https:\/\/elisabetcarrera.com\/#website","url":"https:\/\/elisabetcarrera.com\/","name":"Elisabet Carrera","description":"Just another WordPress site","potentialAction":[{"@type":"SearchAction","target":{"@type":"EntryPoint","urlTemplate":"https:\/\/elisabetcarrera.com\/?s={search_term_string}"},"query-input":{"@type":"PropertyValueSpecification","valueRequired":true,"valueName":"search_term_string"}}],"inLanguage":"es"}]}},"_links":{"self":[{"href":"https:\/\/elisabetcarrera.com\/index.php\/wp-json\/wp\/v2\/pages\/2","targetHints":{"allow":["GET"]}}],"collection":[{"href":"https:\/\/elisabetcarrera.com\/index.php\/wp-json\/wp\/v2\/pages"}],"about":[{"href":"https:\/\/elisabetcarrera.com\/index.php\/wp-json\/wp\/v2\/types\/page"}],"author":[{"embeddable":true,"href":"https:\/\/elisabetcarrera.com\/index.php\/wp-json\/wp\/v2\/users\/1"}],"replies":[{"embeddable":true,"href":"https:\/\/elisabetcarrera.com\/index.php\/wp-json\/wp\/v2\/comments?post=2"}],"version-history":[{"count":46,"href":"https:\/\/elisabetcarrera.com\/index.php\/wp-json\/wp\/v2\/pages\/2\/revisions"}],"predecessor-version":[{"id":158,"href":"https:\/\/elisabetcarrera.com\/index.php\/wp-json\/wp\/v2\/pages\/2\/revisions\/158"}],"wp:featuredmedia":[{"embeddable":true,"href":"https:\/\/elisabetcarrera.com\/index.php\/wp-json\/wp\/v2\/media\/12"}],"wp:attachment":[{"href":"https:\/\/elisabetcarrera.com\/index.php\/wp-json\/wp\/v2\/media?parent=2"}],"curies":[{"name":"wp","href":"https:\/\/api.w.org\/{rel}","templated":true}]}}